{"id":14134,"date":"2026-04-27T11:03:47","date_gmt":"2026-04-27T09:03:47","guid":{"rendered":"https:\/\/www.socialenergie.be\/?post_type=publications&#038;p=14134"},"modified":"2026-04-27T11:03:47","modified_gmt":"2026-04-27T09:03:47","slug":"precarite-energetique-quand-la-sobriete-devient-un-alibi-pour-masquer-linsuffisance-des-aides","status":"publish","type":"publications","link":"https:\/\/www.socialenergie.be\/fr\/publications\/precarite-energetique-quand-la-sobriete-devient-un-alibi-pour-masquer-linsuffisance-des-aides\/","title":{"rendered":"Pr\u00e9carit\u00e9 \u00e9nerg\u00e9tique : quand la sobri\u00e9t\u00e9 devient un alibi pour masquer l\u2019insuffisance des aides"},"content":{"rendered":"<p><strong>Le RWADE, la FDSS, le RWLP et Les Amis de la Terre d\u00e9noncent des aides f\u00e9d\u00e9rales largement insuffisantes et une r\u00e9ponse en d\u00e9calage avec la r\u00e9alit\u00e9 de la pr\u00e9carit\u00e9 \u00e9nerg\u00e9tique. Nos associations appellent \u00e0 des mesures structurelles imm\u00e9diates.<\/strong><\/p>\n<p>Face \u00e0 la hausse persistante des prix de l\u2019\u00e9nergie, le gouvernement f\u00e9d\u00e9ral annonce un budget de 80 millions d\u2019euros sur trois mois, dont seulement 15 millions destin\u00e9s aux m\u00e9nages pr\u00e9caris\u00e9s via les Fonds gaz et \u00e9lectricit\u00e9 et le Fonds social chauffage. Ces montants sont tr\u00e8s largement insuffisants au regard de l\u2019ampleur de la crise.<\/p>\n<p>Dans le m\u00eame temps, le gouvernement fait un appel \u00e0 la sobri\u00e9t\u00e9. La r\u00e9duction des consommations et l\u2019efficacit\u00e9 \u00e9nerg\u00e9tique sont des piliers essentiels de la transition, mais la sobri\u00e9t\u00e9, pour \u00eatre un projet de soci\u00e9t\u00e9 d\u00e9sirable, doit \u00eatre choisie, accompagn\u00e9e et rendue possible pour toutes et tous. Elle suppose une r\u00e9flexion sur les modes de consommation \u00e0 faire \u00e9voluer et sur la r\u00e9partition \u00e9quitable des efforts, afin de garantir la satisfaction des besoins essentiels de chacune et chacun.<\/p>\n<p>Pour de nombreux m\u00e9nages, la sobri\u00e9t\u00e9 n\u2019est pas un choix mais une contrainte d\u00e9j\u00e0 subie. Ils ont r\u00e9duit leur consommation au strict minimum, faute de moyens. Dans ces conditions, demander davantage d\u2019efforts revient \u00e0 institutionnaliser la privation. La sobri\u00e9t\u00e9 ne peut servir de pr\u00e9texte \u00e0 des politiques qui laissent les m\u00e9nages absorber seuls les chocs de la crise.<\/p>\n<p>L\u2019\u00e9nergie n\u2019est pas un produit comme un autre : c\u2019est un bien vital, une condition de base pour se chauffer, s\u2019\u00e9clairer, cuisiner et vivre dignement. Aujourd\u2019hui, plus d\u2019un m\u00e9nage sur cinq en Belgique vit en situation de pr\u00e9carit\u00e9 \u00e9nerg\u00e9tique. Cette r\u00e9alit\u00e9 ne r\u00e9sulte pas de comportements individuels, mais de facteurs structurels : revenus insuffisants, logements \u00e9nergivores et prix \u00e9lev\u00e9s de l\u2019\u00e9nergie.<\/p>\n<h2>Des dispositifs insuffisants et difficilement accessibles<\/h2>\n<p>Les mesures annonc\u00e9es restent trop limit\u00e9es pour r\u00e9pondre aux besoins.<\/p>\n<p>Le Fonds social mazout impose aux m\u00e9nages d\u2019avancer les co\u00fbts avant remboursement, ce qui constitue un obstacle majeur pour les publics pr\u00e9caris\u00e9s. Le Fonds gaz et \u00e9lectricit\u00e9, malgr\u00e9 sa revalorisation, reste marginal \u00e0 l\u2019\u00e9chelle des besoins et sans commune mesure avec les moyens mobilis\u00e9s lors de la crise pr\u00e9c\u00e9dente (73 millions d\u2019euros contre 7,5 millions aujourd\u2019hui). De mani\u00e8re g\u00e9n\u00e9rale, le recours au CPAS comme porte d\u2019entr\u00e9e pour acc\u00e9der \u00e0 ces aides peut constituer un frein important : de nombreux m\u00e9nages n\u2019y ont pas recours, par m\u00e9connaissance, par crainte de refus, de stigmatisation ou de nouvelles d\u00e9marches complexes \u00e0 effectuer.<\/p>\n<p>Dans le m\u00eame temps, des milliers de travailleurs restent d\u00e9pendants de la voiture pour se rendre au travail, faute d\u2019alternatives de mobilit\u00e9 accessibles. Les interventions patronales dans les d\u00e9placements domicile-travail annonc\u00e9es par le gouvernement sont largement d\u00e9pendantes de la volont\u00e9 des employeurs. Les discours encourageant le covoiturage ou le t\u00e9l\u00e9travail ne constituent pas une r\u00e9ponse structurelle et peuvent, dans certains cas, d\u00e9placer une partie des co\u00fbts \u00e9nerg\u00e9tiques vers les m\u00e9nages eux-m\u00eames. Tous les travailleurs et travailleuses n\u2019ont pas acc\u00e8s \u00e0 des solutions de mobilit\u00e9 d\u00e9carbon\u00e9e ni les moyens d\u2019en changer.<\/p>\n<h2>Le tarif social : un outil indispensable et soutenu largement<\/h2>\n<p>Pour nos associations, le maintien du tarif social, aujourd\u2019hui menac\u00e9, est essentiel. Le Groupe des 10, r\u00e9unissant syndicats et employeurs, s\u2019est d\u2019ailleurs prononc\u00e9 en faveur de son maintien sous sa forme actuelle, au vu de son efficacit\u00e9 : automatique, stable, il prot\u00e8ge directement les m\u00e9nages aux revenus les plus faibles contre les hausses de prix et garantit un acc\u00e8s \u00e0 l\u2019\u00e9lectricit\u00e9 et au gaz \u00e0 un tarif abordable. Cet outil fait consensus au-del\u00e0 des clivages politiques.<\/p>\n<p>Il est n\u00e9cessaire d\u2019\u00e9largir le droit au tarif social afin qu&rsquo;il touche syst\u00e9matiquement les m\u00e9nages \u00e0 bas revenus, en le rendant accessible aux m\u00e9nages ayant des revenus \u00e9quivalents aux b\u00e9n\u00e9ficiaires de l&rsquo;intervention major\u00e9e.<\/p>\n<h2>Les moyens existent, encore faut-il les mobiliser.<\/h2>\n<p>Lors de la pr\u00e9c\u00e9dente crise \u00e9nerg\u00e9tique, l\u2019\u00e9largissement du tarif social aux b\u00e9n\u00e9ficiaires de l\u2019intervention major\u00e9e (BIM) a repr\u00e9sent\u00e9 un co\u00fbt d\u20191,49 milliard d\u2019euros. La taxation des surprofits du secteur de l\u2019\u00e9nergie a, elle, g\u00e9n\u00e9r\u00e9 des recettes estim\u00e9es \u00e0 1,87 milliard d\u2019euros entre 2022 et 2024<a href=\"#_ftn1\">[1]<\/a>. Soulignons que cette contribution exceptionnelle de solidarit\u00e9 a \u00e9t\u00e9 valid\u00e9e par la Cour de Justice de l\u2019Union europ\u00e9enne dans un arr\u00eat rendu en d\u00e9cembre 2025<a href=\"#_ftn2\">[2]<\/a>. Faire contribuer les acteurs qui b\u00e9n\u00e9ficient de la crise n\u2019est pas une option id\u00e9ologique, mais une question de justice \u00e9l\u00e9mentaire.<\/p>\n<p>Par ailleurs, 400 millions d\u2019euros des montants allou\u00e9s aux mesures d\u2019aide lors de la pr\u00e9c\u00e9dente crise \u00e9nerg\u00e9tique n\u2019avaient pas \u00e9t\u00e9 utilis\u00e9s. L\u2019Etat f\u00e9d\u00e9ral pourrait aujourd\u2019hui en faire bon usage, en finan\u00e7ant des mesures d\u2019aides plus ambitieuses.<\/p>\n<p>Pour r\u00e9duire la vuln\u00e9rabilit\u00e9 des m\u00e9nages face aux fluctuations des prix, il est essentiel de sortir d\u2019une logique de r\u00e9ponses budg\u00e9taires ponctuelles et de d\u00e9pendance aux \u00e9nergies fossiles. Les crises \u00e9nerg\u00e9tiques successives doivent conduire \u00e0 tirer des enseignements durables et \u00e0 investir massivement dans la transition, afin d\u2019agir de mani\u00e8re pr\u00e9ventive plut\u00f4t que dans l\u2019urgence.<\/p>\n<h2>Une transition qui ne peut \u00eatre socialement aveugle<\/h2>\n<p>La transition \u00e9nerg\u00e9tique ne peut r\u00e9ussir que si elle est socialement soutenable. Pr\u00e9voir des alternatives \u00e0 la consommation d\u2019\u00e9nergies fossiles pour tous les m\u00e9nages est indispensable.<\/p>\n<p>Cela implique des politiques structurelles ambitieuses : r\u00e9novation du b\u00e2ti avec soutien financier r\u00e9el aux m\u00e9nages sans capacit\u00e9 d\u2019emprunt, renforcement massif des transports en commun, en particulier dans les zones rurales et p\u00e9riurbaines, avec une tarification accessible, d\u00e9veloppement de la mobilit\u00e9 partag\u00e9e, suppression progressive des voitures de soci\u00e9t\u00e9 et r\u00e9orientation des moyens vers des alternatives durables.<\/p>\n<p>Le d\u00e9bat ne doit pas opposer sobri\u00e9t\u00e9 et justice sociale. Une politique \u00e9nerg\u00e9tique cr\u00e9dible doit faire les deux : r\u00e9duire les consommations l\u00e0 o\u00f9 c\u2019est possible, et prot\u00e9ger les m\u00e9nages l\u00e0 o\u00f9 c\u2019est n\u00e9cessaire. L\u2019acc\u00e8s \u00e0 l\u2019\u00e9nergie est un droit fondamental qui ne peut \u00eatre sacrifi\u00e9 sur l\u2019autel de l\u2019aust\u00e9rit\u00e9.<\/p>\n<p><strong>Contact presse :<\/strong><br \/>\nMarie CHARLES, Directrice du R\u00e9seau Wallon pour l\u2019Acc\u00e8s Durable \u00e0 l\u2019Energie<br \/>\n0474 22 35 38 &#8211; <a href=\"mailto:marie.charles@rwade.be\">marie.charles@rwade.be<\/a>.<\/p>\n<p><a name=\"_ftn1\"><\/a>[1] <a href=\"https:\/\/www.lesoir.be\/742189\/article\/2026-04-21\/kern-sur-les-mesures-energie-nouvelle-tentative-daccord-larizona-toujours\" target=\"_blank\" rel=\"noopener noreferrer\">https:\/\/www.lesoir.be\/742189\/article\/2026-04-21\/kern-sur-les-mesures-energie-nouvelle-tentative-daccord-larizona-toujours<\/a><\/p>\n<p><a name=\"_ftn2\"><\/a>[2] <a href=\"https:\/\/www.lecho.be\/economie-politique\/belgique\/general\/la-taxe-sur-les-surprofits-admise-par-la-cour-de-justice-europeenne\/10641237.html\" target=\"_blank\" rel=\"noopener noreferrer\">https:\/\/www.lecho.be\/economie-politique\/belgique\/general\/la-taxe-sur-les-surprofits-admise-par-la-cour-de-justice-europeenne\/10641237.html<\/a><\/p>\n","protected":false},"featured_media":0,"template":"","publication-category":[],"publication-theme":[],"section":[281],"outils-category":[],"analyses-category":[311],"class_list":["post-14134","publications","type-publications","status-publish","hentry","section-analyses","analyses-category-avis"],"acf":[],"_links":{"self":[{"href":"https:\/\/www.socialenergie.be\/fr\/wp-json\/wp\/v2\/publications\/14134","targetHints":{"allow":["GET"]}}],"collection":[{"href":"https:\/\/www.socialenergie.be\/fr\/wp-json\/wp\/v2\/publications"}],"about":[{"href":"https:\/\/www.socialenergie.be\/fr\/wp-json\/wp\/v2\/types\/publications"}],"wp:attachment":[{"href":"https:\/\/www.socialenergie.be\/fr\/wp-json\/wp\/v2\/media?parent=14134"}],"wp:term":[{"taxonomy":"publication-category","embeddable":true,"href":"https:\/\/www.socialenergie.be\/fr\/wp-json\/wp\/v2\/publication-category?post=14134"},{"taxonomy":"publication-theme","embeddable":true,"href":"https:\/\/www.socialenergie.be\/fr\/wp-json\/wp\/v2\/publication-theme?post=14134"},{"taxonomy":"section","embeddable":true,"href":"https:\/\/www.socialenergie.be\/fr\/wp-json\/wp\/v2\/section?post=14134"},{"taxonomy":"outils-category","embeddable":true,"href":"https:\/\/www.socialenergie.be\/fr\/wp-json\/wp\/v2\/outils-category?post=14134"},{"taxonomy":"analyses-category","embeddable":true,"href":"https:\/\/www.socialenergie.be\/fr\/wp-json\/wp\/v2\/analyses-category?post=14134"}],"curies":[{"name":"wp","href":"https:\/\/api.w.org\/{rel}","templated":true}]}}