{"id":9675,"date":"2017-04-19T12:27:17","date_gmt":"2017-04-19T10:27:17","guid":{"rendered":"https:\/\/www.socialenergie.be\/?post_type=publications&#038;p=9675"},"modified":"2025-10-01T15:16:48","modified_gmt":"2025-10-01T13:16:48","slug":"socialenergie-news-n1-precarite-hydrique-une-tempete-dans-un-verre-deau","status":"publish","type":"publications","link":"https:\/\/www.socialenergie.be\/nl\/publications\/socialenergie-news-n1-precarite-hydrique-une-tempete-dans-un-verre-deau\/","title":{"rendered":"SocialEnergie News n\u00b01 &#8211; Pr\u00e9carit\u00e9 hydrique : une temp\u00eate dans un verre d&#8217;eau ?"},"content":{"rendered":"<p>C\u2019est le th\u00e8me de la pr\u00e9carit\u00e9 hydrique qui a \u00e9t\u00e9 choisi pour inaugurer la s\u00e9rie des SocialEnergie News.<\/p>\n<p>Ce dossier fait le point sur ce qu\u2019on connait de la pr\u00e9carit\u00e9 hydrique aujourd\u2019hui et des enjeux qu\u2019elle charrie. La brochure s\u2019adresse aux travailleurs de premi\u00e8re ligne ou \u00e0 celles et ceux qui voudraient en apprendre plus sur ce ph\u00e9nom\u00e8ne encore m\u00e9connu.<\/p>\n<p class=\"info\">Cette page concerne un outil qui existe aussi en version papier. Pour en commander un ou plusieurs exemplaires, il vous suffit de remplir <a href=\"https:\/\/forms.office.com\/e\/Ujb2eMuAwB\" target=\"_blank\" rel=\"noopener noreferrer\" target=\"_blank\" rel=\"noopener noreferrer\"><u>ce formulaire<\/u><\/a>.\u00a0Si vous souhaitez une d\u00e9monstration plus approfondie, un soutien pour la cr\u00e9ation d\u2019une animation, \u00e9changer \u00e0 propos de ce que vous r\u00e9alisez d\u00e9j\u00e0 ou mettre en place un projet collectif, n\u2019h\u00e9sitez pas \u00e0 nous contacter au 02\/526 03 00 ou via l\u2019adresse <a href=\"mailto:socialenergie@fdss.be\">socialenergie@fdss.be.<\/a><\/p>\n","protected":false},"featured_media":0,"template":"","publication-category":[268,288],"publication-theme":[269,277,280],"section":[281,282],"outils-category":[302],"analyses-category":[311],"class_list":["post-9675","publications","type-publications","status-publish","hentry","publication-category-avis-notes-politiques-memoranda","publication-category-brochure","publication-theme-eau","publication-theme-mesures-sociales","publication-theme-precarite-energetique-hydrique","section-analyses","section-outils","outils-category-brochure","analyses-category-avis"],"acf":[],"_links":{"self":[{"href":"https:\/\/www.socialenergie.be\/nl\/wp-json\/wp\/v2\/publications\/9675","targetHints":{"allow":["GET"]}}],"collection":[{"href":"https:\/\/www.socialenergie.be\/nl\/wp-json\/wp\/v2\/publications"}],"about":[{"href":"https:\/\/www.socialenergie.be\/nl\/wp-json\/wp\/v2\/types\/publications"}],"wp:attachment":[{"href":"https:\/\/www.socialenergie.be\/nl\/wp-json\/wp\/v2\/media?parent=9675"}],"wp:term":[{"taxonomy":"publication-category","embeddable":true,"href":"https:\/\/www.socialenergie.be\/nl\/wp-json\/wp\/v2\/publication-category?post=9675"},{"taxonomy":"publication-theme","embeddable":true,"href":"https:\/\/www.socialenergie.be\/nl\/wp-json\/wp\/v2\/publication-theme?post=9675"},{"taxonomy":"section","embeddable":true,"href":"https:\/\/www.socialenergie.be\/nl\/wp-json\/wp\/v2\/section?post=9675"},{"taxonomy":"outils-category","embeddable":true,"href":"https:\/\/www.socialenergie.be\/nl\/wp-json\/wp\/v2\/outils-category?post=9675"},{"taxonomy":"analyses-category","embeddable":true,"href":"https:\/\/www.socialenergie.be\/nl\/wp-json\/wp\/v2\/analyses-category?post=9675"}],"curies":[{"name":"wp","href":"https:\/\/api.w.org\/{rel}","templated":true}]}}